{"id":246,"date":"2019-02-25T12:46:33","date_gmt":"2019-02-25T11:46:33","guid":{"rendered":"https:\/\/ggm-freiburg.de\/cms\/?page_id=246"},"modified":"2019-03-27T09:19:26","modified_gmt":"2019-03-27T08:19:26","slug":"aerztehaus","status":"publish","type":"page","link":"https:\/\/www.ggm-freiburg.de\/cms\/aerztehaus\/","title":{"rendered":"Das \u00c4rztehaus"},"content":{"rendered":"<p>[et_pb_section bb_built=&#8220;1&#8243; _builder_version=&#8220;3.19.17&#8243; custom_margin=&#8220;0px||0px|&#8220; custom_padding=&#8220;0px|||&#8220; next_background_color=&#8220;#000000&#8243;][et_pb_row make_fullwidth=&#8220;on&#8220; use_custom_gutter=&#8220;on&#8220; gutter_width=&#8220;1&#8243; custom_padding=&#8220;0px|||&#8220; custom_margin=&#8220;0px|||&#8220; padding_top_1=&#8220;1px&#8220; padding_top_2=&#8220;1px&#8220; padding_top_3=&#8220;1px&#8220; padding_top_4=&#8220;1px&#8220; padding_right_1=&#8220;1px&#8220; padding_right_2=&#8220;1px&#8220; padding_right_3=&#8220;1px&#8220; padding_right_4=&#8220;1px&#8220; padding_bottom_1=&#8220;1px&#8220; padding_bottom_2=&#8220;1px&#8220; padding_bottom_3=&#8220;1px&#8220; padding_bottom_4=&#8220;1px&#8220; padding_left_1=&#8220;1px&#8220; padding_left_2=&#8220;1px&#8220; padding_left_3=&#8220;1px&#8220; padding_left_4=&#8220;1px&#8220; _builder_version=&#8220;3.19.17&#8243;][et_pb_column type=&#8220;1_6&#8243;][et_pb_image src=&#8220;https:\/\/www.ggm-freiburg.de\/cms\/wp-content\/uploads\/2019\/02\/VZ-3912-800&#215;600.jpg&#8220; show_in_lightbox=&#8220;on&#8220; _builder_version=&#8220;3.20.1&#8243; custom_margin=&#8220;||1px|&#8220; \/][et_pb_image src=&#8220;https:\/\/www.ggm-freiburg.de\/cms\/wp-content\/uploads\/2019\/02\/DT-3091-800&#215;600.jpg&#8220; show_in_lightbox=&#8220;on&#8220; _builder_version=&#8220;3.21.1&#8243; \/][\/et_pb_column][et_pb_column type=&#8220;1_6&#8243;][et_pb_image src=&#8220;https:\/\/www.ggm-freiburg.de\/cms\/wp-content\/uploads\/2019\/02\/VZ-3967-800&#215;600.jpg&#8220; show_in_lightbox=&#8220;on&#8220; _builder_version=&#8220;3.21.1&#8243; custom_margin=&#8220;||1px|&#8220; \/][et_pb_image src=&#8220;https:\/\/www.ggm-freiburg.de\/cms\/wp-content\/uploads\/2019\/02\/VZ-3934-800&#215;600.jpg&#8220; show_in_lightbox=&#8220;on&#8220; _builder_version=&#8220;3.21.1&#8243; \/][\/et_pb_column][et_pb_column type=&#8220;1_6&#8243;][et_pb_image src=&#8220;https:\/\/www.ggm-freiburg.de\/cms\/wp-content\/uploads\/2019\/02\/VZ-3902-800&#215;600.jpg&#8220; show_in_lightbox=&#8220;on&#8220; _builder_version=&#8220;3.19.17&#8243; custom_margin=&#8220;||1px|&#8220; \/][et_pb_image src=&#8220;https:\/\/www.ggm-freiburg.de\/cms\/wp-content\/uploads\/2019\/02\/VZ-3930-800&#215;600.jpg&#8220; show_in_lightbox=&#8220;on&#8220; _builder_version=&#8220;3.21.1&#8243; \/][\/et_pb_column][et_pb_column type=&#8220;1_2&#8243;][et_pb_divider show_divider=&#8220;off&#8220; height=&#8220;50px&#8220; _builder_version=&#8220;3.19.17&#8243; \/][et_pb_text admin_label=&#8220;Titel Standort Freiburg&#8220; _builder_version=&#8220;3.21.1&#8243; text_font=&#8220;Nunito Sans||||||||&#8220; text_text_color=&#8220;#959faf&#8220; text_font_size=&#8220;18px&#8220; text_line_height=&#8220;1.8em&#8220; header_text_align=&#8220;left&#8220; header_2_font=&#8220;Nunito Sans|700|||||||&#8220; header_2_text_color=&#8220;#556d7f&#8220; header_2_font_size=&#8220;30px&#8220; header_2_font_size_phone=&#8220;25px&#8220; header_2_font_size_last_edited=&#8220;on|phone&#8220; header_2_line_height=&#8220;1.3em&#8220; module_alignment=&#8220;center&#8220; z_index_tablet=&#8220;500&#8243;]<\/p>\n<h2 style=\"text-align: center;\">Standort in Freiburg: <br \/>Wirthstra\u00dfe 9<\/h2>\n<p>[\/et_pb_text][et_pb_map address=&#8220;Wirthstra\u00dfe 9, 79110 Freiburg im Breisgau, Deutschland&#8220; zoom_level=&#8220;12&#8243; address_lat=&#8220;48.01395410324175&#8243; address_lng=&#8220;7.821036894226032&#8243; mouse_wheel=&#8220;off&#8220; _builder_version=&#8220;3.21.1&#8243; z_index_tablet=&#8220;500&#8243;][et_pb_map_pin title=&#8220;\u00c4rztehaus, Wirtstra\u00dfe 9, 79110 Freiburg&#8220; pin_address=&#8220;Wirthstra\u00dfe 9, 79110 Freiburg im Breisgau, Deutschland&#8220; pin_address_lat=&#8220;48.02535&#8243; pin_address_lng=&#8220;7.814899999999966&#8243; _builder_version=&#8220;3.20.1&#8243;][\/et_pb_map_pin][\/et_pb_map][\/et_pb_column][\/et_pb_row][et_pb_row custom_margin=&#8220;||0px|&#8220; _builder_version=&#8220;3.19.15&#8243;][et_pb_column type=&#8220;1_2&#8243;][et_pb_text admin_label=&#8220;Headline Baubeschreibung&#8220; _builder_version=&#8220;3.19.18&#8243; text_font=&#8220;Nunito Sans||||||||&#8220; text_text_color=&#8220;#959faf&#8220; text_font_size=&#8220;18px&#8220; text_line_height=&#8220;1.8em&#8220; header_text_align=&#8220;left&#8220; header_2_font=&#8220;Nunito Sans|700|||||||&#8220; header_2_text_color=&#8220;#556d7f&#8220; header_2_font_size=&#8220;30px&#8220; header_2_font_size_phone=&#8220;25px&#8220; header_2_font_size_last_edited=&#8220;on|phone&#8220; header_2_line_height=&#8220;1.3em&#8220; module_alignment=&#8220;center&#8220;]<\/p>\n<h2>Baubeschreibung<\/h2>\n<p>[\/et_pb_text][et_pb_text admin_label=&#8220;Text St\u00e4dtebauliche Situation \/ Erschlie\u00dfung&#8220; _builder_version=&#8220;3.19.18&#8243; text_font=&#8220;Nunito Sans||||||||&#8220; text_text_color=&#8220;#556d7f&#8220; text_line_height=&#8220;1.4em&#8220;]<\/p>\n<p><strong>St\u00e4dtebauliche Situation \/ Erschlie\u00dfung<\/strong><\/p>\n<p>Der Neubau ( WTZ ) befindet sich auf dem Grundst\u00fcck in der Wirthstrasse 9 in direkter Nachbarschaft zum Evangelischen Diakoniekrankenhaus und des Strahlentherapiezentrums in der Wirthstrasse 11 in Freiburg Landwasser.<\/p>\n<p>[\/et_pb_text][\/et_pb_column][et_pb_column type=&#8220;1_2&#8243;][et_pb_text admin_label=&#8220;Text Geb\u00e4udebeschreibung&#8220; _builder_version=&#8220;3.19.18&#8243; text_font=&#8220;Nunito Sans||||||||&#8220; text_text_color=&#8220;#556d7f&#8220; text_line_height=&#8220;1.4em&#8220;]<\/p>\n<p><strong>Geb\u00e4udebeschreibung \/ Gr\u00f6\u00dfen des Geb\u00e4udes<\/strong><\/p>\n<p>Das viergeschossige horizontal gegliederte Geb\u00e4ude hat einen rechteckigen Grundriss mit einer Abmessung von circa 66 m x 22 m und einem achtgeschossigen Turmgeb\u00e4ude mit einer Abmessung von circa 20 m x 18 m.<\/p>\n<p>Es besteht aus einem Untergeschoss, mit einer Tiefgarage, Technikr\u00e4umen und Abstellr\u00e4umen. <br \/>Die Geschosse werden \u00fcber drei Treppenh\u00e4user und zwei Aufz\u00fcgen erschlossen. Das Treppenhaus im Turm ist als druckbel\u00fcftetes Treppenhaus mit Feuerwehraufzug geplant.<\/p>\n<p>[\/et_pb_text][\/et_pb_column][\/et_pb_row][et_pb_row _builder_version=&#8220;3.0.48&#8243; background_size=&#8220;initial&#8220; background_position=&#8220;top_left&#8220; background_repeat=&#8220;repeat&#8220;][et_pb_column type=&#8220;4_4&#8243;][et_pb_divider _builder_version=&#8220;3.19.15&#8243; \/][\/et_pb_column][\/et_pb_row][et_pb_row _builder_version=&#8220;3.0.48&#8243; background_size=&#8220;initial&#8220; background_position=&#8220;top_left&#8220; background_repeat=&#8220;repeat&#8220;][et_pb_column type=&#8220;1_2&#8243;][et_pb_text admin_label=&#8220;Headline Verteilung &#038; Nutzung&#8220; _builder_version=&#8220;3.19.18&#8243; text_font=&#8220;Nunito Sans||||||||&#8220; text_text_color=&#8220;#959faf&#8220; text_font_size=&#8220;18px&#8220; text_line_height=&#8220;1.8em&#8220; header_text_align=&#8220;left&#8220; header_2_font=&#8220;Nunito Sans|700|||||||&#8220; header_2_text_color=&#8220;#556d7f&#8220; header_2_font_size=&#8220;30px&#8220; header_2_font_size_phone=&#8220;25px&#8220; header_2_font_size_last_edited=&#8220;on|phone&#8220; header_2_line_height=&#8220;1.3em&#8220; module_alignment=&#8220;center&#8220;]<\/p>\n<h2 style=\"text-align: left;\">Verteilung &amp; Nutzung<\/h2>\n<p>[\/et_pb_text][\/et_pb_column][et_pb_column type=&#8220;1_2&#8243;][et_pb_text admin_label=&#8220;Text EtagenBelegung&#8220; _builder_version=&#8220;3.21.1&#8243; text_font=&#8220;Nunito Sans||||||||&#8220; text_text_color=&#8220;#556d7f&#8220; text_line_height=&#8220;1.4em&#8220; z_index_tablet=&#8220;500&#8243;]<\/p>\n<p><strong>UG:<\/strong> Technik (HLS, E) \u2022 Lagerr\u00e4ume \u2022 Tiefgarage<br \/><strong>EG:<\/strong> KITA \u2022 Apotheke<br \/><strong>1.OG &#8211; 6 OG:<\/strong> B\u00fcros \u2022 Praxen \u2022 Appartements<br \/><strong>7.OG &#8211; Attika:<\/strong> Seminarraum \u2022 Wohnen<\/p>\n<p>[\/et_pb_text][\/et_pb_column][\/et_pb_row][et_pb_row _builder_version=&#8220;3.0.48&#8243; background_size=&#8220;initial&#8220; background_position=&#8220;top_left&#8220; background_repeat=&#8220;repeat&#8220;][et_pb_column type=&#8220;4_4&#8243;][et_pb_divider _builder_version=&#8220;3.19.15&#8243; \/][\/et_pb_column][\/et_pb_row][et_pb_row _builder_version=&#8220;3.0.48&#8243; background_size=&#8220;initial&#8220; background_position=&#8220;top_left&#8220; background_repeat=&#8220;repeat&#8220;][et_pb_column type=&#8220;1_2&#8243;][et_pb_text admin_label=&#8220;Headline Lage &#038; Erreichbarkeit&#8220; _builder_version=&#8220;3.21.1&#8243; text_font=&#8220;Nunito Sans||||||||&#8220; text_text_color=&#8220;#959faf&#8220; text_font_size=&#8220;18px&#8220; text_line_height=&#8220;1.8em&#8220; header_text_align=&#8220;left&#8220; header_2_font=&#8220;Nunito Sans|700|||||||&#8220; header_2_text_color=&#8220;#556d7f&#8220; header_2_font_size=&#8220;30px&#8220; header_2_font_size_phone=&#8220;25px&#8220; header_2_font_size_last_edited=&#8220;on|phone&#8220; header_2_line_height=&#8220;1.3em&#8220; module_alignment=&#8220;center&#8220; z_index_tablet=&#8220;500&#8243;]<\/p>\n<h2 style=\"text-align: left;\">Lage &amp; Erreichbarkeit<\/h2>\n<p>[\/et_pb_text][et_pb_text admin_label=&#8220;Text Lage&#8220; _builder_version=&#8220;3.21.1&#8243; text_font=&#8220;Nunito Sans||||||||&#8220; text_text_color=&#8220;#556d7f&#8220; text_line_height=&#8220;1.4em&#8220; z_index_tablet=&#8220;500&#8243;]<\/p>\n<p>Das \u00c4rztehaus befindet sich in Freiburg Landwasser direkt am Waldrand auf dem Grundst\u00fcck in der Wirthstrasse 9 in direkter Nachbarschaft zum Evangelischen Diakoniekrankenhaus und des Strahlentherapiezentrums in der Wirthstrasse 11. Ganz in der N\u00e4he befindet sich ein Park mit Badesee (Moosweiher), sowie direkt hinter dem Geb\u00e4ude der Wald zum Spazieren gehen.<\/p>\n<p>[\/et_pb_text][\/et_pb_column][et_pb_column type=&#8220;1_2&#8243;][et_pb_text admin_label=&#8220;Text Erreichbarkeit&#8220; _builder_version=&#8220;3.21.1&#8243; text_font=&#8220;Nunito Sans||||||||&#8220; text_text_color=&#8220;#556d7f&#8220; text_line_height=&#8220;1.4em&#8220; z_index_tablet=&#8220;500&#8243;]<\/p>\n<p>Die Lage des neuen \u00c4rztehauses ist optimal an die \u00f6ffentlichen Verkehrsmittel angebunden. Die sch\u00f6ne Altstadt von Freiburg mit seinen B\u00e4chle und dem M\u00fcnster ist mit der Stra\u00dfenbahn bequem in wenigen Minuten erreichbar.<\/p>\n<p>[\/et_pb_text][et_pb_text admin_label=&#8220;Text Entfernungen&#8220; _builder_version=&#8220;3.21.1&#8243; text_font=&#8220;Nunito Sans||||||||&#8220; text_text_color=&#8220;#556d7f&#8220; text_line_height=&#8220;1.4em&#8220; z_index_tablet=&#8220;500&#8243;]<\/p>\n<p><strong>Mit dem Auto:<\/strong><br \/>Ein Parkhaus befindet im UG des Hauses.<br \/>Geb\u00fchren: \u20ac 1,00 pro Stunde, max. \u20ac 7,00 pro Tag<\/p>\n<p><strong>Mit der Stra\u00dfenbahn:<\/strong><br \/>Linie 1 Richtung \u201eLandwasser\u201c<br \/>Haltestelle \u201eDiakoniekrankenhaus\u201c ca. 120 m zu Fu\u00df<\/p>\n<p><strong>Mit der S-Bahn (Freiburg\u2013Breisach):<\/strong><br \/>Ausstieg Haltestelle \u201eFreiburg-West Landwasser\u201c<br \/>Fu\u00dfweg (1 Min.)<\/p>\n<p>[\/et_pb_text][\/et_pb_column][\/et_pb_row][et_pb_row _builder_version=&#8220;3.0.48&#8243; background_size=&#8220;initial&#8220; background_position=&#8220;top_left&#8220; background_repeat=&#8220;repeat&#8220;][et_pb_column type=&#8220;4_4&#8243;][et_pb_divider show_divider=&#8220;off&#8220; _builder_version=&#8220;3.19.18&#8243; \/][\/et_pb_column][\/et_pb_row][\/et_pb_section][et_pb_section bb_built=&#8220;1&#8243; _builder_version=&#8220;3.19.18&#8243; custom_margin=&#8220;||0px|&#8220; custom_padding=&#8220;||0px|&#8220; prev_background_color=&#8220;#000000&#8243; next_background_color=&#8220;#000000&#8243;][et_pb_row make_fullwidth=&#8220;on&#8220; use_custom_gutter=&#8220;on&#8220; gutter_width=&#8220;1&#8243; custom_padding=&#8220;||0px|&#8220; custom_margin=&#8220;||0px|&#8220; make_equal=&#8220;on&#8220; padding_right_1=&#8220;1px&#8220; padding_right_2=&#8220;1px&#8220; padding_right_3=&#8220;1px&#8220; padding_right_4=&#8220;1px&#8220; padding_right_5=&#8220;1px&#8220; padding_right_6=&#8220;1px&#8220; padding_bottom_1=&#8220;1px&#8220; padding_bottom_2=&#8220;1px&#8220; padding_bottom_3=&#8220;1px&#8220; padding_bottom_4=&#8220;1px&#8220; padding_bottom_5=&#8220;1px&#8220; padding_bottom_6=&#8220;1px&#8220; padding_left_1=&#8220;1px&#8220; padding_left_2=&#8220;1px&#8220; padding_left_3=&#8220;1px&#8220; padding_left_4=&#8220;1px&#8220; padding_left_5=&#8220;1px&#8220; padding_left_6=&#8220;1px&#8220; _builder_version=&#8220;3.19.18&#8243; animation_direction=&#8220;bottom&#8220;][et_pb_column type=&#8220;1_6&#8243;][et_pb_image src=&#8220;https:\/\/www.ggm-freiburg.de\/cms\/wp-content\/uploads\/2019\/02\/VZ-3927-800&#215;600.jpg&#8220; show_in_lightbox=&#8220;on&#8220; _builder_version=&#8220;3.21.1&#8243; custom_margin=&#8220;-160px|||&#8220; custom_margin_tablet=&#8220;0px|||&#8220; custom_margin_last_edited=&#8220;on|tablet&#8220; animation_style=&#8220;slide&#8220; animation_direction=&#8220;bottom&#8220; animation_intensity_slide=&#8220;6%&#8220; animation_starting_opacity=&#8220;50%&#8220; \/][\/et_pb_column][et_pb_column type=&#8220;1_6&#8243;][et_pb_image src=&#8220;https:\/\/www.ggm-freiburg.de\/cms\/wp-content\/uploads\/2019\/02\/VZ-3942-800&#215;600.jpg&#8220; show_in_lightbox=&#8220;on&#8220; _builder_version=&#8220;3.21.1&#8243; custom_margin=&#8220;-160px|||&#8220; custom_margin_tablet=&#8220;0px|||&#8220; custom_margin_last_edited=&#8220;on|tablet&#8220; animation_style=&#8220;slide&#8220; animation_direction=&#8220;bottom&#8220; animation_intensity_slide=&#8220;6%&#8220; animation_starting_opacity=&#8220;50%&#8220; \/][\/et_pb_column][et_pb_column type=&#8220;1_6&#8243;][et_pb_image src=&#8220;https:\/\/www.ggm-freiburg.de\/cms\/wp-content\/uploads\/2019\/02\/SO-DSC4107-800&#215;600.jpg&#8220; show_in_lightbox=&#8220;on&#8220; _builder_version=&#8220;3.21.1&#8243; custom_margin=&#8220;-160px|||&#8220; custom_margin_tablet=&#8220;0px|||&#8220; custom_margin_last_edited=&#8220;on|tablet&#8220; animation_style=&#8220;slide&#8220; animation_direction=&#8220;bottom&#8220; animation_intensity_slide=&#8220;6%&#8220; animation_starting_opacity=&#8220;50%&#8220; \/][\/et_pb_column][et_pb_column type=&#8220;1_6&#8243;][et_pb_image src=&#8220;https:\/\/www.ggm-freiburg.de\/cms\/wp-content\/uploads\/2019\/02\/VZ-3889-800&#215;600.jpg&#8220; show_in_lightbox=&#8220;on&#8220; _builder_version=&#8220;3.21.1&#8243; custom_margin=&#8220;-160px|||&#8220; custom_margin_tablet=&#8220;0px|||&#8220; custom_margin_last_edited=&#8220;on|tablet&#8220; animation_style=&#8220;slide&#8220; animation_direction=&#8220;bottom&#8220; animation_intensity_slide=&#8220;6%&#8220; animation_starting_opacity=&#8220;50%&#8220; \/][\/et_pb_column][et_pb_column type=&#8220;1_6&#8243;][et_pb_image src=&#8220;https:\/\/www.ggm-freiburg.de\/cms\/wp-content\/uploads\/2019\/02\/VZ-3941-800&#215;600.jpg&#8220; show_in_lightbox=&#8220;on&#8220; _builder_version=&#8220;3.21.1&#8243; custom_margin=&#8220;-160px|||&#8220; custom_margin_tablet=&#8220;0px|||&#8220; custom_margin_last_edited=&#8220;on|tablet&#8220; animation_style=&#8220;slide&#8220; animation_direction=&#8220;bottom&#8220; animation_intensity_slide=&#8220;6%&#8220; animation_starting_opacity=&#8220;50%&#8220; \/][\/et_pb_column][et_pb_column type=&#8220;1_6&#8243;][et_pb_image src=&#8220;https:\/\/www.ggm-freiburg.de\/cms\/wp-content\/uploads\/2019\/02\/VZ-3964-800&#215;600.jpg&#8220; show_in_lightbox=&#8220;on&#8220; _builder_version=&#8220;3.21.1&#8243; custom_margin=&#8220;-160px|||&#8220; custom_margin_tablet=&#8220;0px|||&#8220; custom_margin_last_edited=&#8220;on|tablet&#8220; animation_style=&#8220;slide&#8220; animation_direction=&#8220;bottom&#8220; animation_intensity_slide=&#8220;6%&#8220; animation_starting_opacity=&#8220;50%&#8220; \/][\/et_pb_column][\/et_pb_row][\/et_pb_section][et_pb_section bb_built=&#8220;1&#8243; admin_label=&#8220;Features CTA Section&#8220; disabled_on=&#8220;on|on|on&#8220; _builder_version=&#8220;3.19.15&#8243; custom_padding=&#8220;0px|0px|100px|0px&#8220; disabled=&#8220;on&#8220; saved_tabs=&#8220;all&#8220; prev_background_color=&#8220;#000000&#8243;][et_pb_row custom_padding=&#8220;0px|||&#8220; custom_margin=&#8220;0px|||&#8220; _builder_version=&#8220;3.19.15&#8243;][et_pb_column type=&#8220;1_2&#8243;][et_pb_text admin_label=&#8220;Text St\u00e4dtebauliche Situation \/ Erschlie\u00dfung&#8220; _builder_version=&#8220;3.19.17&#8243; text_font=&#8220;Nunito Sans||||||||&#8220; text_text_color=&#8220;#556d7f&#8220; text_line_height=&#8220;1.4em&#8220;]<\/p>\n<p><strong>St\u00e4dtebauliche Situation \/ Erschlie\u00dfung<\/strong><\/p>\n<p>Der Neubau ( WTZ ) befindet sich auf dem Grundst\u00fcck in der Wirthstrasse 9 in direkter Nachbarschaft zum Evangelischen Diakoniekrankenhaus und des Strahlentherapiezentrums in der Wirthstrasse 11 in Freiburg Landwasser.<\/p>\n<p><strong>Geb\u00e4udebeschreibung \/ Gr\u00f6\u00dfen des Geb\u00e4udes<\/strong><\/p>\n<p>Das viergeschossige horizontal gegliederte Geb\u00e4ude hat einen rechteckigen Grundriss mit einer Abmessung von circa 66 m x 22 m und einem achtgeschossigen Turmgeb\u00e4ude mit einer Abmessung von circa 20 m x 18 m.<\/p>\n<p>Es besteht aus einem Untergeschoss, mit einer Tiefgarage, Technikr\u00e4umen und Abstellr\u00e4umen. <br \/>Die Geschosse werden \u00fcber drei Treppenh\u00e4user und zwei Aufz\u00fcgen erschlossen. Das Treppenhaus im Turm ist als druckbel\u00fcftetes Treppenhaus mit Feuerwehraufzug geplant.<\/p>\n<p><strong>Tragwerk \/ Verkehrslasten<\/strong><\/p>\n<p>Decke \u00fcber EG 5,00 KN\/m2 <br \/>Decke \u00fcber 1.- 3 Obergescho\u00df 5,00 KN\/m2,<\/p>\n<p><strong>Heizung \/ L\u00fcftung \/ Sanit\u00e4r<\/strong><\/p>\n<p>Das Geb\u00e4ude wird \u00fcber einen Fernw\u00e4rmeanschluss mit Heizenergie versorgt. Die K\u00fchlung erfolgt \u00fcber eine Absorptionsk\u00e4ltemaschine. Unterst\u00fctzt wird die K\u00fchlung \u00fcber eine mit Grundwasser gespeiste W\u00e4rmepumpenanlage. Das gesamte Geb\u00e4ude wird \u00fcber eine zentrale Be- und Entl\u00fcftungsanlage mit Frischluft versorgt.<\/p>\n<p>&nbsp;<\/p>\n<p>[\/et_pb_text][\/et_pb_column][et_pb_column type=&#8220;1_2&#8243;][et_pb_text admin_label=&#8220;Text Ausbaustandard Mietfl\u00e4chen&#8220; _builder_version=&#8220;3.19.17&#8243; text_font=&#8220;Nunito Sans||||||||&#8220; text_text_color=&#8220;#556d7f&#8220; text_line_height=&#8220;1.4em&#8220;]<\/p>\n<p><strong>Ausbaustandard Mietfl\u00e4chen\u00a0 \/ 1.OG Schlaflabor Dr. Tr\u00f6tschler<\/strong><\/p>\n<p><strong>In sanit\u00e4ren Anlagen<\/strong><\/p>\n<ul>\n<li><strong>Boden:<\/strong> Estrich &#8211; Fliesen R10A, Feinsteinzeug 20 x 20 cm<\/li>\n<li><strong>Wand:<\/strong> Mauerwerk, Beton &#8211; GK- W\u00e4nde, doppelt beplankt, 12,5cm, Schallschutz mind. R`w 50dB<br \/>Wandbereiche um Waschbecken mit Fliesen und \/ oder Spezialanstrich &#8211; gespachtelt Q2, gestrichen<\/li>\n<li><strong> Trennw\u00e4nde<\/strong>: Kemmlit System Niuu oder glw.<\/li>\n<li><strong>Decke:<\/strong> Rasterdecke, abgeh\u00e4ngt revisionierbar<\/li>\n<\/ul>\n<p><strong>Mieteinheit allgemein<\/strong><\/p>\n<ul>\n<li><strong>Boden:<\/strong> Hohlraumboden 5,0 cm + Estrich <br \/>1. Linoleum- forbo marmoleum fresco\/ real, d= 2,5mm<br \/>2. Parkett <br \/>3. Kautschuk- noraplan senica\/ signa, d= 2mm\/ d= 3mm<\/li>\n<li>\u00a0<strong>Wand:<\/strong> GK- W\u00e4nde, doppelt beplankt, 12,5cm, Schallschutz mind. R`w 48 dB<br \/>1. Glasfaser gestrichen (sichtbare Bereiche)<br \/>2. Raufaser gestrichen (Nebenr\u00e4ume)<\/li>\n<li><strong>Decke:<\/strong> 1. Rasterdecke revisionierbar<br \/>2. GK-Decken abgeh\u00e4ngt mit Akustiklochung<br \/>3. Betondecken- gespachtelt und gestrichen<\/li>\n<li><strong>Fenster:<\/strong> Aluminium- Fensterfassade, 3-fach- Verglasung<\/li>\n<\/ul>\n<p><strong>T\u00fcren \/ T\u00fcrbeschl\u00e4ge<\/strong><\/p>\n<ul>\n<li><strong>Stahlzargen:<\/strong> weiss<\/li>\n<li><strong>T\u00fcrbl\u00e4tter:<\/strong> <br \/>1. R\u00f6hrenspan, Schichtstoffbelegt, wei\u00df 9010<br \/>2. R\u00f6hrenspan, schichtstoffbelegt, wei\u00df 9010 mit Schallex-Dichtung<br \/>(bei h\u00f6heren Anforderungen an Schallschutz)<\/li>\n<li><strong>Sichtbare T\u00fcrb\u00e4nder: <\/strong>alle Schl\u00f6sser mit Profilzylinder<\/li>\n<li><strong>Dr\u00fcckergarnituren:<\/strong><br \/>FSB 79 1070 (Fluchtt\u00fcrbeschlag)<br \/>FSB 1031 Edelstahl (Garnitur: 72 1035 613)<br \/>FSB 79 1031 (Fluchtt\u00fcrbeschlag)<\/li>\n<\/ul>\n<div class=\"page\" title=\"Page 2\">\n<div class=\"layoutArea\">\n<div class=\"column\">\u00a0<\/div>\n<div class=\"column\">\n<p>&nbsp;<\/p>\n<\/div>\n<\/div>\n<\/div>\n<p>[\/et_pb_text][\/et_pb_column][\/et_pb_row][\/et_pb_section]<\/p>\n","protected":false},"excerpt":{"rendered":"<p>Standort in Freiburg: Wirthstra\u00dfe 9 Baubeschreibung St\u00e4dtebauliche Situation \/ Erschlie\u00dfung Der Neubau ( WTZ ) befindet sich auf dem Grundst\u00fcck in der Wirthstrasse 9 in direkter Nachbarschaft zum Evangelischen Diakoniekrankenhaus und des Strahlentherapiezentrums in der Wirthstrasse 11 in Freiburg Landwasser. Geb\u00e4udebeschreibung \/ Gr\u00f6\u00dfen des Geb\u00e4udes Das viergeschossige horizontal gegliederte Geb\u00e4ude hat einen rechteckigen Grundriss mit [&hellip;]<\/p>\n","protected":false},"author":1,"featured_media":0,"parent":0,"menu_order":2,"comment_status":"closed","ping_status":"closed","template":"","meta":{"_et_pb_use_builder":"on","_et_pb_old_content":"","_et_gb_content_width":"","footnotes":""},"_links":{"self":[{"href":"https:\/\/www.ggm-freiburg.de\/cms\/wp-json\/wp\/v2\/pages\/246"}],"collection":[{"href":"https:\/\/www.ggm-freiburg.de\/cms\/wp-json\/wp\/v2\/pages"}],"about":[{"href":"https:\/\/www.ggm-freiburg.de\/cms\/wp-json\/wp\/v2\/types\/page"}],"author":[{"embeddable":true,"href":"https:\/\/www.ggm-freiburg.de\/cms\/wp-json\/wp\/v2\/users\/1"}],"replies":[{"embeddable":true,"href":"https:\/\/www.ggm-freiburg.de\/cms\/wp-json\/wp\/v2\/comments?post=246"}],"version-history":[{"count":98,"href":"https:\/\/www.ggm-freiburg.de\/cms\/wp-json\/wp\/v2\/pages\/246\/revisions"}],"predecessor-version":[{"id":597,"href":"https:\/\/www.ggm-freiburg.de\/cms\/wp-json\/wp\/v2\/pages\/246\/revisions\/597"}],"wp:attachment":[{"href":"https:\/\/www.ggm-freiburg.de\/cms\/wp-json\/wp\/v2\/media?parent=246"}],"curies":[{"name":"wp","href":"https:\/\/api.w.org\/{rel}","templated":true}]}}